{"id":223,"date":"2024-09-09T09:49:45","date_gmt":"2024-09-09T09:49:45","guid":{"rendered":"https:\/\/strotzbuesch.de\/?page_id=223"},"modified":"2024-09-10T09:05:03","modified_gmt":"2024-09-10T07:05:03","slug":"ferienunterkuenfte","status":"publish","type":"page","link":"https:\/\/strotzbuesch.de\/index.php\/ferienunterkuenfte\/","title":{"rendered":"Ferienunterk\u00fcnfte"},"content":{"rendered":"\n<p>Hier finden Sie die in Strotzb\u00fcsch verf\u00fcgbaren Ferienunterk\u00fcnfte.<\/p>\n\n\n\n<figure class=\"wp-block-table\"><table class=\"has-fixed-layout\"><tbody><tr><td><strong>Ferienwohnung Borsch<\/strong><\/td><td><strong>Ferienwohnung Strotzb\u00fcscher M\u00fchle<\/strong><\/td><\/tr><tr><td><img decoding=\"async\" width=\"200\" height=\"134\" class=\"wp-image-419\" style=\"width: 200px;\" src=\"https:\/\/strotzbuesch.de\/wp-content\/uploads\/2024\/09\/fewoborsch.jpg\" alt=\"\"><\/td><td><img decoding=\"async\" width=\"200\" height=\"134\" class=\"wp-image-421\" style=\"width: 200px;\" src=\"https:\/\/strotzbuesch.de\/wp-content\/uploads\/2024\/09\/fewomuehle.jpg\" alt=\"\"><\/td><\/tr><tr><td>Ansprechpartner:<br><strong>Tanja Borsch<\/strong><br><br>Im Berggarten 6<br>54552 Strotzb\u00fcsch<\/td><td>Ansprechpartner:<br><strong>Hans Christian Boer<\/strong><br><br>Strotzb\u00fcscher M\u00fchle<br>54552 Strotzb\u00fcsch<\/td><\/tr><tr><td>Tel.: +49 (0) 65 73 \/ 94 18<\/td><td>Tel.: +49 (0) 65 73 \/ 6 22<\/td><\/tr><tr><td>e-Mail: ferienwohnung.borsch@gmail.com<br><a href=\"http:\/\/www.fewoborsch.de\" target=\"_blank\" rel=\"noreferrer noopener\">www.fewoborsch.de<\/a><\/td><td>e-Mail: <a href=\"mailto:strotzbueschermuehle@gmail.com\">strotzbueschermuehle@gmail.com<\/a><br><a href=\"http:\/\/www.strotzb\u00fcscherm\u00fchle.de\" target=\"_blank\" rel=\"noreferrer noopener\">www.strotzb\u00fcscherm\u00fchle.de<\/a><\/td><\/tr><\/tbody><\/table><\/figure>\n\n\n\n<figure class=\"wp-block-table\"><table class=\"has-fixed-layout\"><tbody><tr><td><strong>Ferienwohnung &#8222;Im Berggarten&#8220;<\/strong><\/td><td><strong>Gasthaus &#8222;Zum Siebenbachtal&#8220;<\/strong><\/td><\/tr><tr><td><img decoding=\"async\" width=\"200\" height=\"150\" class=\"wp-image-408\" style=\"width: 200px;\" src=\"https:\/\/strotzbuesch.de\/wp-content\/uploads\/2024\/09\/fewomaas.jpg\" alt=\"\"><\/td><td><img loading=\"lazy\" decoding=\"async\" width=\"200\" height=\"134\" class=\"wp-image-423\" style=\"width: 200px;\" src=\"https:\/\/strotzbuesch.de\/wp-content\/uploads\/2024\/09\/fewodaniel.jpg\" alt=\"\"><\/td><\/tr><tr><td>Ansprechpartner:<br><strong>Wolfgang Maas<\/strong><br><br>Im Berggarten 11<br>54552 Strotzb\u00fcsch<\/td><td>Ansprechpartner:<br><strong>Heiko Daniel<\/strong><br><br>Dauner Stra\u00dfe 2<br>54552 Strotzb\u00fcsch<\/td><\/tr><tr><td>Tel.: +49 (0) 65 73 \/ 775<\/td><td>Tel.: +49 (0) 65 73 \/ 6 58<\/td><\/tr><tr><td>e-Mail: <a href=\"mailto:info@fewo-berggarten.de\">info@fewo-berggarten.de<\/a><br><a href=\"http:\/\/www.fewo-berggarten.de\" target=\"_blank\" rel=\"noreferrer noopener\">www.fewo-berggarten.de<\/a><\/td><td>e-Mail: <a href=\"mailto:info@siebenbachtal.de\">info@siebenbachtal.de<\/a><br><a href=\"http:\/\/www.siebenbachtal.de\" target=\"_blank\" rel=\"noreferrer noopener\">www.siebenbachtal.de<\/a><\/td><\/tr><\/tbody><\/table><\/figure>\n\n\n\n<figure class=\"wp-block-table\"><table class=\"has-fixed-layout\"><tbody><tr><td><strong>Ferienwohnungen Rosa Diedrichs<\/strong><\/td><td><strong>Ferienwohnung Neis<\/strong><\/td><\/tr><tr><td><img loading=\"lazy\" decoding=\"async\" width=\"200\" height=\"133\" class=\"wp-image-425\" style=\"width: 200px;\" src=\"https:\/\/strotzbuesch.de\/wp-content\/uploads\/2024\/09\/fewoklein.jpg\" alt=\"\"><\/td><td><img loading=\"lazy\" decoding=\"async\" width=\"200\" height=\"134\" class=\"wp-image-427\" style=\"width: 200px;\" src=\"https:\/\/strotzbuesch.de\/wp-content\/uploads\/2024\/09\/fewoneis.jpg\" alt=\"\"><\/td><\/tr><tr><td>Ansprechpartner:<br><strong>Elisabeth &amp; Peter Klein<\/strong><br><br>Auf der Steinrausch 6<br>54552 Strotzb\u00fcsch<\/td><td>Ansprechpartner:<br><strong>Gisela Neis<\/strong><br><br>Im Berggarten 7<br>54552 Strotzb\u00fcsch<\/td><\/tr><tr><td>Tel.: +49 (0) 65 73 \/ 95 35 36<\/td><td>Tel.: +49 (0) 65 73 \/ 12 15<\/td><\/tr><tr><td>e-Mail: <a href=\"mailto:elisabeth-a-klein@t-online.de\">elisabeth-a-klein@t-online.de<\/a><\/td><td>e-Mail: <a href=\"mailto:fam.neis@web.de\">fam.neis@web.de<\/a><\/td><\/tr><\/tbody><\/table><\/figure>\n\n\n\n<figure class=\"wp-block-table\"><table class=\"has-fixed-layout\"><tbody><tr><td><strong>Ferienwohnung &#8222;Sch\u00f6ne Aussicht&#8220;<\/strong><\/td><td><strong>Ferienhaus R\u00f6der<\/strong><\/td><\/tr><tr><td><img loading=\"lazy\" decoding=\"async\" width=\"200\" height=\"134\" class=\"wp-image-429\" style=\"width: 200px;\" src=\"https:\/\/strotzbuesch.de\/wp-content\/uploads\/2024\/09\/fewopantenburg.jpg\" alt=\"\"><\/td><td><img loading=\"lazy\" decoding=\"async\" width=\"200\" height=\"134\" class=\"wp-image-430\" style=\"width: 200px;\" src=\"https:\/\/strotzbuesch.de\/wp-content\/uploads\/2024\/09\/feworoeder.jpg\" alt=\"\"><\/td><\/tr><tr><td>Ansprechpartner:<br><strong>Marianne Pantenburg<\/strong><br><br>Im Berggarten 22<br>54552 Strotzb\u00fcsch<\/td><td>Ansprechpartner:<br><strong>Barbara R\u00f6der<\/strong><br><br>Im Berggarten 1<br>54552 Strotzb\u00fcsch<\/td><\/tr><tr><td>Tel.: +49 (0) 65 73 \/ 6 29<\/td><td>Tel.: +49 (0) 65 73 \/ 12 06<\/td><\/tr><tr><td>Fax: +49 (0) 65 73 \/ 6 29<\/td><td>e-Mail: <a href=\"mailto:info@ferienhaus-roeder.de\">info@ferienhaus-roeder.de<\/a><br><a href=\"http:\/\/www.ferienhaus-roeder.de\" target=\"_blank\" rel=\"noreferrer noopener\">www.ferienhaus-roeder.de<\/a><\/td><\/tr><\/tbody><\/table><\/figure>\n\n\n\n<figure class=\"wp-block-table\"><table class=\"has-fixed-layout\"><tbody><tr><td><strong>Ferienwohnung &#8222;Eifel-Idylle&#8220;<\/strong><\/td><td><\/td><\/tr><tr><td><img loading=\"lazy\" decoding=\"async\" width=\"200\" height=\"150\" class=\"wp-image-432\" style=\"width: 200px;\" src=\"https:\/\/strotzbuesch.de\/wp-content\/uploads\/2024\/09\/fewotheisen.jpg\" alt=\"\"><\/td><td><\/td><\/tr><tr><td>Ansprechpartner:<br><strong>Christiane Theisen<\/strong><br><br>Gartenstra\u00dfe 10<br>54552 Strotzb\u00fcsch<\/td><td><\/td><\/tr><tr><td>Tel.: +49 (0) 26 31 \/ 5 24 61<\/td><td><\/td><\/tr><tr><td>e-Mail: <a href=\"mailto:christiane-theisen@hotmail.de\">christiane-theisen@hotmail.de<\/a><\/td><td><\/td><\/tr><\/tbody><\/table><\/figure>\n","protected":false},"excerpt":{"rendered":"<p>Hier finden Sie die in Strotzb\u00fcsch verf\u00fcgbaren Ferienunterk\u00fcnfte. Ferienwohnung Borsch Ferienwohnung Strotzb\u00fcscher M\u00fchle Ansprechpartner:Tanja Borsch Im Berggarten 654552 Strotzb\u00fcsch Ansprechpartner:Hans Christian Boer Strotzb\u00fcscher M\u00fchle54552 Strotzb\u00fcsch Tel.: +49 (0) 65 73 \/ 94 18 Tel.: +49 (0) 65 73 \/ 6 <a class=\"more-link\" href=\"https:\/\/strotzbuesch.de\/index.php\/ferienunterkuenfte\/\">weiterlesen&#8230;<\/a><\/p>\n","protected":false},"author":3,"featured_media":0,"parent":0,"menu_order":0,"comment_status":"closed","ping_status":"closed","template":"","meta":{"ngg_post_thumbnail":0,"footnotes":""},"class_list":["post-223","page","type-page","status-publish","hentry"],"_links":{"self":[{"href":"https:\/\/strotzbuesch.de\/index.php\/wp-json\/wp\/v2\/pages\/223","targetHints":{"allow":["GET"]}}],"collection":[{"href":"https:\/\/strotzbuesch.de\/index.php\/wp-json\/wp\/v2\/pages"}],"about":[{"href":"https:\/\/strotzbuesch.de\/index.php\/wp-json\/wp\/v2\/types\/page"}],"author":[{"embeddable":true,"href":"https:\/\/strotzbuesch.de\/index.php\/wp-json\/wp\/v2\/users\/3"}],"replies":[{"embeddable":true,"href":"https:\/\/strotzbuesch.de\/index.php\/wp-json\/wp\/v2\/comments?post=223"}],"version-history":[{"count":19,"href":"https:\/\/strotzbuesch.de\/index.php\/wp-json\/wp\/v2\/pages\/223\/revisions"}],"predecessor-version":[{"id":433,"href":"https:\/\/strotzbuesch.de\/index.php\/wp-json\/wp\/v2\/pages\/223\/revisions\/433"}],"wp:attachment":[{"href":"https:\/\/strotzbuesch.de\/index.php\/wp-json\/wp\/v2\/media?parent=223"}],"curies":[{"name":"wp","href":"https:\/\/api.w.org\/{rel}","templated":true}]}}